{"id":3509,"date":"2023-04-13T17:29:33","date_gmt":"2023-04-13T15:29:33","guid":{"rendered":"https:\/\/www.planards.fr\/hiver\/?page_id=3509"},"modified":"2025-09-16T16:15:37","modified_gmt":"2025-09-16T14:15:37","slug":"luge-sur-rails","status":"publish","type":"page","link":"https:\/\/www.planards.fr\/hiver\/luge-sur-rails\/","title":{"rendered":"LUGE SUR RAILS"},"content":{"rendered":"\t\t<div data-elementor-type=\"wp-page\" data-elementor-id=\"3509\" class=\"elementor elementor-3509\" data-elementor-post-type=\"page\">\n\t\t\t\t<div class=\"elementor-element elementor-element-b8bac3b e-con-full e-flex e-con e-parent\" data-id=\"b8bac3b\" data-element_type=\"container\" data-e-type=\"container\" data-settings=\"{&quot;background_background&quot;:&quot;classic&quot;}\">\n\t\t<div class=\"elementor-element elementor-element-0974410 e-con-full e-flex e-con e-child\" data-id=\"0974410\" data-element_type=\"container\" data-e-type=\"container\" data-settings=\"{&quot;background_background&quot;:&quot;classic&quot;}\">\n\t\t\t\t<div class=\"elementor-element elementor-element-75e28e3 elementor-widget elementor-widget-heading\" data-id=\"75e28e3\" data-element_type=\"widget\" data-e-type=\"widget\" data-widget_type=\"heading.default\">\n\t\t\t\t<div class=\"elementor-widget-container\">\n\t\t\t\t\t<h1 class=\"elementor-heading-title elementor-size-default\">LUGE SUR RAILS<\/h1>\t\t\t\t<\/div>\n\t\t\t\t<\/div>\n\t\t\t\t<div class=\"elementor-element elementor-element-6ab6f6c elementor-widget elementor-widget-heading\" data-id=\"6ab6f6c\" data-element_type=\"widget\" data-e-type=\"widget\" data-widget_type=\"heading.default\">\n\t\t\t\t<div class=\"elementor-widget-container\">\n\t\t\t\t\t<h3 class=\"elementor-heading-title elementor-size-default\">Luge Alpine Coaster de Chamonix<\/h3>\t\t\t\t<\/div>\n\t\t\t\t<\/div>\n\t\t\t\t<\/div>\n\t\t\t\t<\/div>\n\t\t<div class=\"elementor-element elementor-element-61544cc e-con-full e-flex e-con e-parent\" data-id=\"61544cc\" data-element_type=\"container\" data-e-type=\"container\">\n\t\t<div class=\"elementor-element elementor-element-8002d95 e-con-full e-flex e-con e-child\" data-id=\"8002d95\" data-element_type=\"container\" data-e-type=\"container\" data-settings=\"{&quot;background_background&quot;:&quot;classic&quot;}\">\n\t\t\t\t<div class=\"elementor-element elementor-element-e117740 elementor-align-center elementor-tablet-align-center elementor-widget elementor-widget-button\" data-id=\"e117740\" data-element_type=\"widget\" data-e-type=\"widget\" data-widget_type=\"button.default\">\n\t\t\t\t<div class=\"elementor-widget-container\">\n\t\t\t\t\t\t\t\t\t<div class=\"elementor-button-wrapper\">\n\t\t\t\t\t<a class=\"elementor-button elementor-button-link elementor-size-sm\" href=\"https:\/\/www.planards.fr\/hiver\/plan-ouverture\/\">\n\t\t\t\t\t\t<span class=\"elementor-button-content-wrapper\">\n\t\t\t\t\t\t\t\t\t<span class=\"elementor-button-text\">DATES &amp; HORAIRES<\/span>\n\t\t\t\t\t<\/span>\n\t\t\t\t\t<\/a>\n\t\t\t\t<\/div>\n\t\t\t\t\t\t\t\t<\/div>\n\t\t\t\t<\/div>\n\t\t\t\t<\/div>\n\t\t<div class=\"elementor-element elementor-element-3244d4a e-con-full e-flex e-con e-child\" data-id=\"3244d4a\" data-element_type=\"container\" data-e-type=\"container\" data-settings=\"{&quot;background_background&quot;:&quot;classic&quot;}\">\n\t\t\t\t<div class=\"elementor-element elementor-element-5a820b1 elementor-align-center elementor-widget elementor-widget-button\" data-id=\"5a820b1\" data-element_type=\"widget\" data-e-type=\"widget\" data-widget_type=\"button.default\">\n\t\t\t\t<div class=\"elementor-widget-container\">\n\t\t\t\t\t\t\t\t\t<div class=\"elementor-button-wrapper\">\n\t\t\t\t\t<a class=\"elementor-button elementor-button-link elementor-size-sm\" href=\"https:\/\/planards.axess.shop\/fr\/Products\/Tickets\">\n\t\t\t\t\t\t<span class=\"elementor-button-content-wrapper\">\n\t\t\t\t\t\t\t\t\t<span class=\"elementor-button-text\">ACHETER<\/span>\n\t\t\t\t\t<\/span>\n\t\t\t\t\t<\/a>\n\t\t\t\t<\/div>\n\t\t\t\t\t\t\t\t<\/div>\n\t\t\t\t<\/div>\n\t\t\t\t<\/div>\n\t\t\t\t<\/div>\n\t\t<div class=\"elementor-element elementor-element-bd423f3 e-con-full e-flex e-con e-parent\" data-id=\"bd423f3\" data-element_type=\"container\" data-e-type=\"container\">\n\t\t<div class=\"elementor-element elementor-element-0a02787 e-con-full e-flex e-con e-child\" data-id=\"0a02787\" data-element_type=\"container\" data-e-type=\"container\" data-settings=\"{&quot;background_background&quot;:&quot;classic&quot;}\">\n\t\t\t\t<div class=\"elementor-element elementor-element-288abd5 animated-slow elementor-invisible elementor-widget elementor-widget-text-editor\" data-id=\"288abd5\" data-element_type=\"widget\" data-e-type=\"widget\" data-settings=\"{&quot;_animation&quot;:&quot;zoomIn&quot;}\" data-widget_type=\"text-editor.default\">\n\t\t\t\t<div class=\"elementor-widget-container\">\n\t\t\t\t\t\t\t\t\t<p>Un cadre magnifique, entre les sapins, avec vue sur le Mont-Blanc.<br \/>Amateurs de sensations et de nature, la luge sur rails est faite pour vous !<\/p>\t\t\t\t\t\t\t\t<\/div>\n\t\t\t\t<\/div>\n\t\t\t\t<\/div>\n\t\t\t\t<\/div>\n\t\t<div class=\"elementor-element elementor-element-0f9c166 e-con-full e-flex e-con e-parent\" data-id=\"0f9c166\" data-element_type=\"container\" data-e-type=\"container\" data-settings=\"{&quot;background_background&quot;:&quot;video&quot;,&quot;background_video_link&quot;:&quot;https:\\\/\\\/www.planards.fr\\\/hiver\\\/wp-content\\\/uploads\\\/sites\\\/2\\\/2023\\\/03\\\/PLANARD-SITE-2.mp4&quot;,&quot;background_play_on_mobile&quot;:&quot;yes&quot;}\">\n\t\t<div class=\"elementor-background-video-container\">\n\t\t\t\t\t\t\t<video class=\"elementor-background-video-hosted\" role=\"presentation\" autoplay muted playsinline loop><\/video>\n\t\t\t\t\t<\/div>\t\t<\/div>\n\t\t<article class=\"elementor-element elementor-element-cbcdde9 e-con-full e-flex e-con e-parent\" data-id=\"cbcdde9\" data-element_type=\"container\" data-e-type=\"container\">\n\t\t<div class=\"elementor-element elementor-element-6496867 e-con-full e-flex e-con e-child\" data-id=\"6496867\" data-element_type=\"container\" data-e-type=\"container\" data-settings=\"{&quot;background_background&quot;:&quot;classic&quot;}\">\n\t\t\t\t<div class=\"elementor-element elementor-element-c48c3d6 elementor-widget elementor-widget-heading\" data-id=\"c48c3d6\" data-element_type=\"widget\" data-e-type=\"widget\" data-widget_type=\"heading.default\">\n\t\t\t\t<div class=\"elementor-widget-container\">\n\t\t\t\t\t<h2 class=\"elementor-heading-title elementor-size-default\">Un grand huit au c\u0153ur des montagnes !<\/h2>\t\t\t\t<\/div>\n\t\t\t\t<\/div>\n\t\t\t\t<div class=\"elementor-element elementor-element-a08c893 animated-slow elementor-widget-divider--view-line elementor-invisible elementor-widget elementor-widget-divider\" data-id=\"a08c893\" data-element_type=\"widget\" data-e-type=\"widget\" data-settings=\"{&quot;_animation&quot;:&quot;fadeInLeft&quot;}\" data-widget_type=\"divider.default\">\n\t\t\t\t<div class=\"elementor-widget-container\">\n\t\t\t\t\t\t\t<div class=\"elementor-divider\">\n\t\t\t<span class=\"elementor-divider-separator\">\n\t\t\t\t\t\t<\/span>\n\t\t<\/div>\n\t\t\t\t\t\t<\/div>\n\t\t\t\t<\/div>\n\t\t\t\t<div class=\"elementor-element elementor-element-29b7f6e elementor-widget elementor-widget-text-editor\" data-id=\"29b7f6e\" data-element_type=\"widget\" data-e-type=\"widget\" data-widget_type=\"text-editor.default\">\n\t\t\t\t<div class=\"elementor-widget-container\">\n\t\t\t\t\t\t\t\t\t<p style=\"text-align: left;\">La Luge Alpine Coaster de Chamonix, ouverte en 2011, en remplacement de l&rsquo;ancienne luge d&rsquo;\u00e9t\u00e9 est une attraction ludique pour toute la famille.<\/p><p>\u00a0<\/p><p style=\"text-align: left;\">Piste sur rails de 1.300m de long avec des jumps, des virages, et des vrilles \u00e0 540\u00b0, cette activit\u00e9 in\u00e9dite dans la r\u00e9gion est d\u00e9sormais ouverte \u00e9t\u00e9 comme hiver !<\/p><p>\u00a0<\/p><p style=\"text-align: left;\">Fun &amp; sensations garantis !<\/p><p>\u00a0<\/p><p style=\"text-align: left;\">Plusieurs avantages :<\/p><p style=\"text-align: left;\">&#8211; possibilit\u00e9 de monter \u00e0 2 par luge<br \/>&#8211; accessible pour tous \u00e0 partir de 3 ans (possibilit\u00e9 de monter sans adulte \u00e0 partir de 1m35)<br \/>&#8211; luge enti\u00e8rement s\u00e9curis\u00e9e (ceintures pour les deux passagers)<br \/>&#8211; accessible par tous temps<br \/>Le circuit est ferm\u00e9 : vous embarquez par le bas du site o\u00f9 l&rsquo;on vous expliquera l&rsquo;activit\u00e9, puis vous \u00eates tract\u00e9 jusqu&rsquo;au d\u00e9part de la piste de descente&#8230; et c&rsquo;est parti !<\/p>\t\t\t\t\t\t\t\t<\/div>\n\t\t\t\t<\/div>\n\t\t\t\t<\/div>\n\t\t\t\t<\/article>\n\t\t<section class=\"elementor-element elementor-element-bfd4811 e-con-full e-flex e-con e-parent\" data-id=\"bfd4811\" data-element_type=\"container\" data-e-type=\"container\">\n\t\t<article class=\"elementor-element elementor-element-ffd94a7 e-con-full e-flex e-con e-child\" data-id=\"ffd94a7\" data-element_type=\"container\" data-e-type=\"container\" data-settings=\"{&quot;background_background&quot;:&quot;classic&quot;}\">\n\t\t\t\t<div class=\"elementor-element elementor-element-9ef35c4 elementor-widget elementor-widget-text-editor\" data-id=\"9ef35c4\" data-element_type=\"widget\" data-e-type=\"widget\" data-widget_type=\"text-editor.default\">\n\t\t\t\t<div class=\"elementor-widget-container\">\n\t\t\t\t\t\t\t\t\t<p><strong>Ouverture de la luge pour la saison d&rsquo;hiver le 13 d\u00e9cembre 2025.<\/strong><\/p><p><strong>Tous les jours de 11h00 \u00e0 17h30, sans r\u00e9servation !<\/strong><\/p>\t\t\t\t\t\t\t\t<\/div>\n\t\t\t\t<\/div>\n\t\t\t\t<\/article>\n\t\t<article class=\"elementor-element elementor-element-dd2958c e-con-full e-flex e-con e-child\" data-id=\"dd2958c\" data-element_type=\"container\" data-e-type=\"container\" data-settings=\"{&quot;background_background&quot;:&quot;classic&quot;}\">\n\t\t\t\t<div class=\"elementor-element elementor-element-b69df3c elementor-widget elementor-widget-text-editor\" data-id=\"b69df3c\" data-element_type=\"widget\" data-e-type=\"widget\" data-widget_type=\"text-editor.default\">\n\t\t\t\t<div class=\"elementor-widget-container\">\n\t\t\t\t\t\t\t\t\t<p>Les ouvertures en direct LIVE !<\/p>\t\t\t\t\t\t\t\t<\/div>\n\t\t\t\t<\/div>\n\t\t\t\t<div class=\"elementor-element elementor-element-70b79a2 elementor-align-center elementor-widget elementor-widget-button\" data-id=\"70b79a2\" data-element_type=\"widget\" data-e-type=\"widget\" data-widget_type=\"button.default\">\n\t\t\t\t<div class=\"elementor-widget-container\">\n\t\t\t\t\t\t\t\t\t<div class=\"elementor-button-wrapper\">\n\t\t\t\t\t<a class=\"elementor-button elementor-button-link elementor-size-sm\" href=\"https:\/\/www.planards.fr\/hiver\/live\/\">\n\t\t\t\t\t\t<span class=\"elementor-button-content-wrapper\">\n\t\t\t\t\t\t\t\t\t<span class=\"elementor-button-text\">VOIR<\/span>\n\t\t\t\t\t<\/span>\n\t\t\t\t\t<\/a>\n\t\t\t\t<\/div>\n\t\t\t\t\t\t\t\t<\/div>\n\t\t\t\t<\/div>\n\t\t\t\t<\/article>\n\t\t\t\t<\/section>\n\t\t<div class=\"elementor-element elementor-element-f1bb718 e-con-full e-flex e-con e-parent\" data-id=\"f1bb718\" data-element_type=\"container\" data-e-type=\"container\">\n\t\t<div class=\"elementor-element elementor-element-b80dbbb e-con-full e-flex e-con e-child\" data-id=\"b80dbbb\" data-element_type=\"container\" data-e-type=\"container\">\n\t\t\t\t<div class=\"elementor-element elementor-element-05ce3c5 elementor-widget elementor-widget-heading\" data-id=\"05ce3c5\" data-element_type=\"widget\" data-e-type=\"widget\" data-widget_type=\"heading.default\">\n\t\t\t\t<div class=\"elementor-widget-container\">\n\t\t\t\t\t<h2 class=\"elementor-heading-title elementor-size-default\">Vos bons plans hiver !<\/h2>\t\t\t\t<\/div>\n\t\t\t\t<\/div>\n\t\t\t\t<\/div>\n\t\t\t\t<\/div>\n\t\t<aside class=\"elementor-element elementor-element-b8658cc e-con-full e-flex e-con e-parent\" data-id=\"b8658cc\" data-element_type=\"container\" data-e-type=\"container\" data-settings=\"{&quot;background_background&quot;:&quot;classic&quot;}\">\n\t\t<div class=\"elementor-element elementor-element-2b1af50 animated-slow e-con-full e-flex elementor-invisible e-con e-child\" data-id=\"2b1af50\" data-element_type=\"container\" data-e-type=\"container\" data-settings=\"{&quot;background_background&quot;:&quot;classic&quot;,&quot;animation&quot;:&quot;fadeIn&quot;}\">\n\t\t<div class=\"elementor-element elementor-element-8203f28 e-con-full e-flex e-con e-child\" data-id=\"8203f28\" data-element_type=\"container\" data-e-type=\"container\" data-settings=\"{&quot;background_background&quot;:&quot;classic&quot;}\">\n\t\t\t\t<div class=\"elementor-element elementor-element-d6c4471 elementor-widget elementor-widget-image\" data-id=\"d6c4471\" data-element_type=\"widget\" data-e-type=\"widget\" data-widget_type=\"image.default\">\n\t\t\t\t<div class=\"elementor-widget-container\">\n\t\t\t\t\t\t\t\t\t\t\t\t\t\t\t<img fetchpriority=\"high\" decoding=\"async\" width=\"1080\" height=\"1350\" src=\"https:\/\/www.planards.fr\/hiver\/wp-content\/uploads\/sites\/2\/2023\/11\/emy-ski-2-2-1080.jpg\" class=\"attachment-full size-full wp-image-7935\" alt=\"ski enfant aux planards\" srcset=\"https:\/\/www.planards.fr\/hiver\/wp-content\/uploads\/sites\/2\/2023\/11\/emy-ski-2-2-1080.jpg 1080w, https:\/\/www.planards.fr\/hiver\/wp-content\/uploads\/sites\/2\/2023\/11\/emy-ski-2-2-1080-240x300.jpg 240w, https:\/\/www.planards.fr\/hiver\/wp-content\/uploads\/sites\/2\/2023\/11\/emy-ski-2-2-1080-768x960.jpg 768w\" sizes=\"(max-width: 1080px) 100vw, 1080px\" \/>\t\t\t\t\t\t\t\t\t\t\t\t\t\t\t<\/div>\n\t\t\t\t<\/div>\n\t\t\t\t<div class=\"elementor-element elementor-element-f2bd714 elementor-widget elementor-widget-heading\" data-id=\"f2bd714\" data-element_type=\"widget\" data-e-type=\"widget\" data-widget_type=\"heading.default\">\n\t\t\t\t<div class=\"elementor-widget-container\">\n\t\t\t\t\t<h3 class=\"elementor-heading-title elementor-size-default\">Forfait de ski<\/h3>\t\t\t\t<\/div>\n\t\t\t\t<\/div>\n\t\t\t\t<div class=\"elementor-element elementor-element-8852cb5 elementor-widget elementor-widget-text-editor\" data-id=\"8852cb5\" data-element_type=\"widget\" data-e-type=\"widget\" data-widget_type=\"text-editor.default\">\n\t\t\t\t<div class=\"elementor-widget-container\">\n\t\t\t\t\t\t\t\t\t<p>4 heures chrono<\/p>\t\t\t\t\t\t\t\t<\/div>\n\t\t\t\t<\/div>\n\t\t\t\t<div class=\"elementor-element elementor-element-80f60ff elementor-align-center elementor-widget elementor-widget-button\" data-id=\"80f60ff\" data-element_type=\"widget\" data-e-type=\"widget\" data-widget_type=\"button.default\">\n\t\t\t\t<div class=\"elementor-widget-container\">\n\t\t\t\t\t\t\t\t\t<div class=\"elementor-button-wrapper\">\n\t\t\t\t\t<a class=\"elementor-button elementor-button-link elementor-size-sm\" href=\"https:\/\/www.planards.fr\/hiver\/billetterie\/\">\n\t\t\t\t\t\t<span class=\"elementor-button-content-wrapper\">\n\t\t\t\t\t\t\t\t\t<span class=\"elementor-button-text\">Acheter<\/span>\n\t\t\t\t\t<\/span>\n\t\t\t\t\t<\/a>\n\t\t\t\t<\/div>\n\t\t\t\t\t\t\t\t<\/div>\n\t\t\t\t<\/div>\n\t\t\t\t<\/div>\n\t\t\t\t<\/div>\n\t\t<div class=\"elementor-element elementor-element-afa583f animated-slow e-con-full e-flex elementor-invisible e-con e-child\" data-id=\"afa583f\" data-element_type=\"container\" data-e-type=\"container\" data-settings=\"{&quot;background_background&quot;:&quot;classic&quot;,&quot;animation&quot;:&quot;fadeIn&quot;,&quot;animation_delay&quot;:200}\">\n\t\t<div class=\"elementor-element elementor-element-1f45bea e-con-full e-flex e-con e-child\" data-id=\"1f45bea\" data-element_type=\"container\" data-e-type=\"container\" data-settings=\"{&quot;background_background&quot;:&quot;classic&quot;}\">\n\t\t\t\t<div class=\"elementor-element elementor-element-51d7536 elementor-widget elementor-widget-image\" data-id=\"51d7536\" data-element_type=\"widget\" data-e-type=\"widget\" data-widget_type=\"image.default\">\n\t\t\t\t<div class=\"elementor-widget-container\">\n\t\t\t\t\t\t\t\t\t\t\t\t\t\t\t<img decoding=\"async\" width=\"1080\" height=\"1080\" src=\"https:\/\/www.planards.fr\/hiver\/wp-content\/uploads\/sites\/2\/2023\/12\/2022-planards-luge-12-LIFE-MAKER-STUDIO-1080-1.jpg\" class=\"attachment-full size-full wp-image-10830\" alt=\"luge sur rails\" srcset=\"https:\/\/www.planards.fr\/hiver\/wp-content\/uploads\/sites\/2\/2023\/12\/2022-planards-luge-12-LIFE-MAKER-STUDIO-1080-1.jpg 1080w, https:\/\/www.planards.fr\/hiver\/wp-content\/uploads\/sites\/2\/2023\/12\/2022-planards-luge-12-LIFE-MAKER-STUDIO-1080-1-300x300.jpg 300w, https:\/\/www.planards.fr\/hiver\/wp-content\/uploads\/sites\/2\/2023\/12\/2022-planards-luge-12-LIFE-MAKER-STUDIO-1080-1-150x150.jpg 150w, https:\/\/www.planards.fr\/hiver\/wp-content\/uploads\/sites\/2\/2023\/12\/2022-planards-luge-12-LIFE-MAKER-STUDIO-1080-1-768x768.jpg 768w\" sizes=\"(max-width: 1080px) 100vw, 1080px\" \/>\t\t\t\t\t\t\t\t\t\t\t\t\t\t\t<\/div>\n\t\t\t\t<\/div>\n\t\t\t\t<div class=\"elementor-element elementor-element-09d27c8 elementor-widget elementor-widget-heading\" data-id=\"09d27c8\" data-element_type=\"widget\" data-e-type=\"widget\" data-widget_type=\"heading.default\">\n\t\t\t\t<div class=\"elementor-widget-container\">\n\t\t\t\t\t<h3 class=\"elementor-heading-title elementor-size-default\">Tours de luge<\/h3>\t\t\t\t<\/div>\n\t\t\t\t<\/div>\n\t\t\t\t<div class=\"elementor-element elementor-element-d62f571 elementor-widget elementor-widget-text-editor\" data-id=\"d62f571\" data-element_type=\"widget\" data-e-type=\"widget\" data-widget_type=\"text-editor.default\">\n\t\t\t\t<div class=\"elementor-widget-container\">\n\t\t\t\t\t\t\t\t\t<p>A partir de 9,50\u20ac<\/p>\t\t\t\t\t\t\t\t<\/div>\n\t\t\t\t<\/div>\n\t\t\t\t<div class=\"elementor-element elementor-element-cf1a5a2 elementor-align-center elementor-widget elementor-widget-button\" data-id=\"cf1a5a2\" data-element_type=\"widget\" data-e-type=\"widget\" data-widget_type=\"button.default\">\n\t\t\t\t<div class=\"elementor-widget-container\">\n\t\t\t\t\t\t\t\t\t<div class=\"elementor-button-wrapper\">\n\t\t\t\t\t<a class=\"elementor-button elementor-button-link elementor-size-sm\" href=\"https:\/\/www.planards.fr\/hiver\/billetterie\/\">\n\t\t\t\t\t\t<span class=\"elementor-button-content-wrapper\">\n\t\t\t\t\t\t\t\t\t<span class=\"elementor-button-text\">Acheter<\/span>\n\t\t\t\t\t<\/span>\n\t\t\t\t\t<\/a>\n\t\t\t\t<\/div>\n\t\t\t\t\t\t\t\t<\/div>\n\t\t\t\t<\/div>\n\t\t\t\t<\/div>\n\t\t\t\t<\/div>\n\t\t<div class=\"elementor-element elementor-element-29e2df9 animated-slow e-con-full e-flex elementor-invisible e-con e-child\" data-id=\"29e2df9\" data-element_type=\"container\" data-e-type=\"container\" data-settings=\"{&quot;background_background&quot;:&quot;classic&quot;,&quot;animation&quot;:&quot;fadeIn&quot;,&quot;animation_delay&quot;:400}\">\n\t\t<div class=\"elementor-element elementor-element-9682ebf e-con-full e-flex e-con e-child\" data-id=\"9682ebf\" data-element_type=\"container\" data-e-type=\"container\" data-settings=\"{&quot;background_background&quot;:&quot;classic&quot;}\">\n\t\t\t\t<div class=\"elementor-element elementor-element-2dc9a97 elementor-widget elementor-widget-image\" data-id=\"2dc9a97\" data-element_type=\"widget\" data-e-type=\"widget\" data-widget_type=\"image.default\">\n\t\t\t\t<div class=\"elementor-widget-container\">\n\t\t\t\t\t\t\t\t\t\t\t\t\t\t\t<img decoding=\"async\" width=\"337\" height=\"422\" src=\"https:\/\/www.planards.fr\/hiver\/wp-content\/uploads\/sites\/2\/2023\/03\/SKI-LOC.jpg\" class=\"attachment-full size-full wp-image-2604\" alt=\"\" srcset=\"https:\/\/www.planards.fr\/hiver\/wp-content\/uploads\/sites\/2\/2023\/03\/SKI-LOC.jpg 337w, https:\/\/www.planards.fr\/hiver\/wp-content\/uploads\/sites\/2\/2023\/03\/SKI-LOC-240x300.jpg 240w\" sizes=\"(max-width: 337px) 100vw, 337px\" \/>\t\t\t\t\t\t\t\t\t\t\t\t\t\t\t<\/div>\n\t\t\t\t<\/div>\n\t\t\t\t<div class=\"elementor-element elementor-element-c8967ce elementor-widget elementor-widget-heading\" data-id=\"c8967ce\" data-element_type=\"widget\" data-e-type=\"widget\" data-widget_type=\"heading.default\">\n\t\t\t\t<div class=\"elementor-widget-container\">\n\t\t\t\t\t<h3 class=\"elementor-heading-title elementor-size-default\">Sport 2000<\/h3>\t\t\t\t<\/div>\n\t\t\t\t<\/div>\n\t\t\t\t<div class=\"elementor-element elementor-element-2bbedb9 elementor-widget elementor-widget-text-editor\" data-id=\"2bbedb9\" data-element_type=\"widget\" data-e-type=\"widget\" data-widget_type=\"text-editor.default\">\n\t\t\t\t<div class=\"elementor-widget-container\">\n\t\t\t\t\t\t\t\t\t<p>Location de mat\u00e9riel<\/p>\t\t\t\t\t\t\t\t<\/div>\n\t\t\t\t<\/div>\n\t\t\t\t<div class=\"elementor-element elementor-element-194cabf elementor-align-center elementor-widget elementor-widget-button\" data-id=\"194cabf\" data-element_type=\"widget\" data-e-type=\"widget\" data-widget_type=\"button.default\">\n\t\t\t\t<div class=\"elementor-widget-container\">\n\t\t\t\t\t\t\t\t\t<div class=\"elementor-button-wrapper\">\n\t\t\t\t\t<a class=\"elementor-button elementor-button-link elementor-size-sm\" href=\"https:\/\/location-ski.sport2000.fr\/magasins\/132-sport-2000-location-des-planards\">\n\t\t\t\t\t\t<span class=\"elementor-button-content-wrapper\">\n\t\t\t\t\t\t\t\t\t<span class=\"elementor-button-text\">Louer<\/span>\n\t\t\t\t\t<\/span>\n\t\t\t\t\t<\/a>\n\t\t\t\t<\/div>\n\t\t\t\t\t\t\t\t<\/div>\n\t\t\t\t<\/div>\n\t\t\t\t<\/div>\n\t\t\t\t<\/div>\n\t\t\t\t<\/aside>\n\t\t\t\t<\/div>\n\t\t","protected":false},"excerpt":{"rendered":"<p>LUGE SUR RAILS Luge Alpine Coaster de Chamonix DATES &amp; HORAIRES ACHETER Un cadre magnifique, entre les sapins, avec vue sur le Mont-Blanc.Amateurs de sensations et de nature, la luge sur rails est faite pour vous ! Un grand huit au c\u0153ur des montagnes ! La Luge Alpine Coaster de Chamonix, ouverte en 2011, en&hellip;&nbsp;<a href=\"https:\/\/www.planards.fr\/hiver\/luge-sur-rails\/\" rel=\"bookmark\">Lire la suite &raquo;<span class=\"screen-reader-text\">LUGE SUR RAILS<\/span><\/a><\/p>\n","protected":false},"author":1,"featured_media":10830,"parent":0,"menu_order":0,"comment_status":"closed","ping_status":"closed","template":"page-templates\/template-pagebuilder-full-width.php","meta":{"_acf_changed":false,"neve_meta_sidebar":"","neve_meta_container":"","neve_meta_enable_content_width":"","neve_meta_content_width":0,"neve_meta_title_alignment":"","neve_meta_author_avatar":"","neve_post_elements_order":"","neve_meta_disable_header":"","neve_meta_disable_footer":"","neve_meta_disable_title":"","footnotes":""},"class_list":["post-3509","page","type-page","status-publish","has-post-thumbnail","hentry"],"acf":[],"yoast_head":"<!-- This site is optimized with the Yoast SEO plugin v27.4 - https:\/\/yoast.com\/product\/yoast-seo-wordpress\/ -->\n<title>Luge sur Rails - Les Planards Chamonix Mont-Blanc<\/title>\n<meta name=\"description\" content=\"Un cadre magnifique, entre les sapins, avec vue sur le Mont-Blanc.Amateurs de sensations et de nature, la luge sur rails est faite pour vous !\" \/>\n<meta name=\"robots\" content=\"index, follow, max-snippet:-1, max-image-preview:large, max-video-preview:-1\" \/>\n<link rel=\"canonical\" href=\"https:\/\/www.planards.fr\/hiver\/luge-sur-rails\/\" \/>\n<meta property=\"og:locale\" content=\"fr_FR\" \/>\n<meta property=\"og:type\" content=\"article\" \/>\n<meta property=\"og:title\" content=\"Luge sur Rails - Les Planards Chamonix Mont-Blanc\" \/>\n<meta property=\"og:description\" content=\"Un cadre magnifique, entre les sapins, avec vue sur le Mont-Blanc.Amateurs de sensations et de nature, la luge sur rails est faite pour vous !\" \/>\n<meta property=\"og:url\" content=\"https:\/\/www.planards.fr\/hiver\/luge-sur-rails\/\" \/>\n<meta property=\"og:site_name\" content=\"Les Planards Chamonix Mont-Blanc\" \/>\n<meta property=\"article:modified_time\" content=\"2025-09-16T14:15:37+00:00\" \/>\n<meta property=\"og:image\" content=\"https:\/\/www.planards.fr\/hiver\/wp-content\/uploads\/sites\/2\/2023\/12\/2022-planards-luge-12-LIFE-MAKER-STUDIO-1080-1.jpg\" \/>\n\t<meta property=\"og:image:width\" content=\"1080\" \/>\n\t<meta property=\"og:image:height\" content=\"1080\" \/>\n\t<meta property=\"og:image:type\" content=\"image\/jpeg\" \/>\n<meta name=\"twitter:card\" content=\"summary_large_image\" \/>\n<meta name=\"twitter:label1\" content=\"Dur\u00e9e de lecture estim\u00e9e\" \/>\n\t<meta name=\"twitter:data1\" content=\"2 minutes\" \/>\n<script type=\"application\/ld+json\" class=\"yoast-schema-graph\">{\"@context\":\"https:\\\/\\\/schema.org\",\"@graph\":[{\"@type\":\"WebPage\",\"@id\":\"https:\\\/\\\/www.planards.fr\\\/hiver\\\/luge-sur-rails\\\/\",\"url\":\"https:\\\/\\\/www.planards.fr\\\/hiver\\\/luge-sur-rails\\\/\",\"name\":\"Luge sur Rails - Les Planards Chamonix Mont-Blanc\",\"isPartOf\":{\"@id\":\"https:\\\/\\\/www.planards.fr\\\/hiver\\\/#website\"},\"primaryImageOfPage\":{\"@id\":\"https:\\\/\\\/www.planards.fr\\\/hiver\\\/luge-sur-rails\\\/#primaryimage\"},\"image\":{\"@id\":\"https:\\\/\\\/www.planards.fr\\\/hiver\\\/luge-sur-rails\\\/#primaryimage\"},\"thumbnailUrl\":\"https:\\\/\\\/www.planards.fr\\\/hiver\\\/wp-content\\\/uploads\\\/sites\\\/2\\\/2023\\\/12\\\/2022-planards-luge-12-LIFE-MAKER-STUDIO-1080-1.jpg\",\"datePublished\":\"2023-04-13T15:29:33+00:00\",\"dateModified\":\"2025-09-16T14:15:37+00:00\",\"description\":\"Un cadre magnifique, entre les sapins, avec vue sur le Mont-Blanc.Amateurs de sensations et de nature, la luge sur rails est faite pour vous !\",\"breadcrumb\":{\"@id\":\"https:\\\/\\\/www.planards.fr\\\/hiver\\\/luge-sur-rails\\\/#breadcrumb\"},\"inLanguage\":\"fr-FR\",\"potentialAction\":[{\"@type\":\"ReadAction\",\"target\":[\"https:\\\/\\\/www.planards.fr\\\/hiver\\\/luge-sur-rails\\\/\"]}]},{\"@type\":\"ImageObject\",\"inLanguage\":\"fr-FR\",\"@id\":\"https:\\\/\\\/www.planards.fr\\\/hiver\\\/luge-sur-rails\\\/#primaryimage\",\"url\":\"https:\\\/\\\/www.planards.fr\\\/hiver\\\/wp-content\\\/uploads\\\/sites\\\/2\\\/2023\\\/12\\\/2022-planards-luge-12-LIFE-MAKER-STUDIO-1080-1.jpg\",\"contentUrl\":\"https:\\\/\\\/www.planards.fr\\\/hiver\\\/wp-content\\\/uploads\\\/sites\\\/2\\\/2023\\\/12\\\/2022-planards-luge-12-LIFE-MAKER-STUDIO-1080-1.jpg\",\"width\":1080,\"height\":1080,\"caption\":\"luge sur rails\"},{\"@type\":\"BreadcrumbList\",\"@id\":\"https:\\\/\\\/www.planards.fr\\\/hiver\\\/luge-sur-rails\\\/#breadcrumb\",\"itemListElement\":[{\"@type\":\"ListItem\",\"position\":1,\"name\":\"Accueil\",\"item\":\"https:\\\/\\\/www.planards.fr\\\/hiver\\\/\"},{\"@type\":\"ListItem\",\"position\":2,\"name\":\"LUGE SUR RAILS\"}]},{\"@type\":\"WebSite\",\"@id\":\"https:\\\/\\\/www.planards.fr\\\/hiver\\\/#website\",\"url\":\"https:\\\/\\\/www.planards.fr\\\/hiver\\\/\",\"name\":\"Les Planards Chamonix Mont-Blanc\",\"description\":\"Un parc d&#039;attraction avec Alpine Coaster et domaine skiable dans le centre de chamonix Mont-Blanc.\",\"potentialAction\":[{\"@type\":\"SearchAction\",\"target\":{\"@type\":\"EntryPoint\",\"urlTemplate\":\"https:\\\/\\\/www.planards.fr\\\/hiver\\\/?s={search_term_string}\"},\"query-input\":{\"@type\":\"PropertyValueSpecification\",\"valueRequired\":true,\"valueName\":\"search_term_string\"}}],\"inLanguage\":\"fr-FR\"}]}<\/script>\n<!-- \/ Yoast SEO plugin. -->","yoast_head_json":{"title":"Luge sur Rails - Les Planards Chamonix Mont-Blanc","description":"Un cadre magnifique, entre les sapins, avec vue sur le Mont-Blanc.Amateurs de sensations et de nature, la luge sur rails est faite pour vous !","robots":{"index":"index","follow":"follow","max-snippet":"max-snippet:-1","max-image-preview":"max-image-preview:large","max-video-preview":"max-video-preview:-1"},"canonical":"https:\/\/www.planards.fr\/hiver\/luge-sur-rails\/","og_locale":"fr_FR","og_type":"article","og_title":"Luge sur Rails - Les Planards Chamonix Mont-Blanc","og_description":"Un cadre magnifique, entre les sapins, avec vue sur le Mont-Blanc.Amateurs de sensations et de nature, la luge sur rails est faite pour vous !","og_url":"https:\/\/www.planards.fr\/hiver\/luge-sur-rails\/","og_site_name":"Les Planards Chamonix Mont-Blanc","article_modified_time":"2025-09-16T14:15:37+00:00","og_image":[{"width":1080,"height":1080,"url":"https:\/\/www.planards.fr\/hiver\/wp-content\/uploads\/sites\/2\/2023\/12\/2022-planards-luge-12-LIFE-MAKER-STUDIO-1080-1.jpg","type":"image\/jpeg"}],"twitter_card":"summary_large_image","twitter_misc":{"Dur\u00e9e de lecture estim\u00e9e":"2 minutes"},"schema":{"@context":"https:\/\/schema.org","@graph":[{"@type":"WebPage","@id":"https:\/\/www.planards.fr\/hiver\/luge-sur-rails\/","url":"https:\/\/www.planards.fr\/hiver\/luge-sur-rails\/","name":"Luge sur Rails - Les Planards Chamonix Mont-Blanc","isPartOf":{"@id":"https:\/\/www.planards.fr\/hiver\/#website"},"primaryImageOfPage":{"@id":"https:\/\/www.planards.fr\/hiver\/luge-sur-rails\/#primaryimage"},"image":{"@id":"https:\/\/www.planards.fr\/hiver\/luge-sur-rails\/#primaryimage"},"thumbnailUrl":"https:\/\/www.planards.fr\/hiver\/wp-content\/uploads\/sites\/2\/2023\/12\/2022-planards-luge-12-LIFE-MAKER-STUDIO-1080-1.jpg","datePublished":"2023-04-13T15:29:33+00:00","dateModified":"2025-09-16T14:15:37+00:00","description":"Un cadre magnifique, entre les sapins, avec vue sur le Mont-Blanc.Amateurs de sensations et de nature, la luge sur rails est faite pour vous !","breadcrumb":{"@id":"https:\/\/www.planards.fr\/hiver\/luge-sur-rails\/#breadcrumb"},"inLanguage":"fr-FR","potentialAction":[{"@type":"ReadAction","target":["https:\/\/www.planards.fr\/hiver\/luge-sur-rails\/"]}]},{"@type":"ImageObject","inLanguage":"fr-FR","@id":"https:\/\/www.planards.fr\/hiver\/luge-sur-rails\/#primaryimage","url":"https:\/\/www.planards.fr\/hiver\/wp-content\/uploads\/sites\/2\/2023\/12\/2022-planards-luge-12-LIFE-MAKER-STUDIO-1080-1.jpg","contentUrl":"https:\/\/www.planards.fr\/hiver\/wp-content\/uploads\/sites\/2\/2023\/12\/2022-planards-luge-12-LIFE-MAKER-STUDIO-1080-1.jpg","width":1080,"height":1080,"caption":"luge sur rails"},{"@type":"BreadcrumbList","@id":"https:\/\/www.planards.fr\/hiver\/luge-sur-rails\/#breadcrumb","itemListElement":[{"@type":"ListItem","position":1,"name":"Accueil","item":"https:\/\/www.planards.fr\/hiver\/"},{"@type":"ListItem","position":2,"name":"LUGE SUR RAILS"}]},{"@type":"WebSite","@id":"https:\/\/www.planards.fr\/hiver\/#website","url":"https:\/\/www.planards.fr\/hiver\/","name":"Les Planards Chamonix Mont-Blanc","description":"Un parc d&#039;attraction avec Alpine Coaster et domaine skiable dans le centre de chamonix Mont-Blanc.","potentialAction":[{"@type":"SearchAction","target":{"@type":"EntryPoint","urlTemplate":"https:\/\/www.planards.fr\/hiver\/?s={search_term_string}"},"query-input":{"@type":"PropertyValueSpecification","valueRequired":true,"valueName":"search_term_string"}}],"inLanguage":"fr-FR"}]}},"_links":{"self":[{"href":"https:\/\/www.planards.fr\/hiver\/wp-json\/wp\/v2\/pages\/3509","targetHints":{"allow":["GET"]}}],"collection":[{"href":"https:\/\/www.planards.fr\/hiver\/wp-json\/wp\/v2\/pages"}],"about":[{"href":"https:\/\/www.planards.fr\/hiver\/wp-json\/wp\/v2\/types\/page"}],"author":[{"embeddable":true,"href":"https:\/\/www.planards.fr\/hiver\/wp-json\/wp\/v2\/users\/1"}],"replies":[{"embeddable":true,"href":"https:\/\/www.planards.fr\/hiver\/wp-json\/wp\/v2\/comments?post=3509"}],"version-history":[{"count":339,"href":"https:\/\/www.planards.fr\/hiver\/wp-json\/wp\/v2\/pages\/3509\/revisions"}],"predecessor-version":[{"id":12198,"href":"https:\/\/www.planards.fr\/hiver\/wp-json\/wp\/v2\/pages\/3509\/revisions\/12198"}],"wp:featuredmedia":[{"embeddable":true,"href":"https:\/\/www.planards.fr\/hiver\/wp-json\/wp\/v2\/media\/10830"}],"wp:attachment":[{"href":"https:\/\/www.planards.fr\/hiver\/wp-json\/wp\/v2\/media?parent=3509"}],"curies":[{"name":"wp","href":"https:\/\/api.w.org\/{rel}","templated":true}]}}